{"id":4616,"date":"2023-01-25T11:02:41","date_gmt":"2023-01-25T10:02:41","guid":{"rendered":"https:\/\/visufoc.com\/els-nostres-serveis\/formacio-en-proteccio-contra-incendi\/"},"modified":"2023-02-02T16:41:24","modified_gmt":"2023-02-02T15:41:24","slug":"formacio-en-proteccio-contra-incendi","status":"publish","type":"page","link":"https:\/\/visufoc.com\/ca\/els-nostres-serveis\/formacio-en-proteccio-contra-incendi\/","title":{"rendered":"Formaci\u00f3 en protecci\u00f3 contra incendi"},"content":{"rendered":"<div class=\"fusion-fullwidth fullwidth-box fusion-builder-row-1 fusion-flex-container has-pattern-background has-mask-background nonhundred-percent-fullwidth non-hundred-percent-height-scrolling\" style=\"background-color: var(--awb-color4);background-position: center center;background-repeat: no-repeat;border-width: 0px 0px 0px 0px;border-color:var(--awb-color3);border-style:solid;\" id=\"asesoramiento\" ><div class=\"fusion-builder-row fusion-row fusion-flex-align-items-flex-start fusion-flex-align-content-space-evenly\" style=\"max-width:1248px;margin-left: calc(-4% \/ 2 );margin-right: calc(-4% \/ 2 );\"><div class=\"fusion-layout-column fusion_builder_column fusion-builder-column-0 fusion_builder_column_1_1 1_1 fusion-flex-column\"><div class=\"fusion-column-wrapper fusion-flex-justify-content-flex-start fusion-content-layout-column\" style=\"background-position:left top;background-repeat:no-repeat;-webkit-background-size:cover;-moz-background-size:cover;-o-background-size:cover;background-size:cover;padding: 0px 0px 0px 0px;\"><div class=\"fusion-section-separator section-separator slant fusion-section-separator-1\"><div class=\"fusion-section-separator-svg\" style=\"padding:0;\"><svg class=\"fusion-slant-candy\" xmlns=\"http:\/\/www.w3.org\/2000\/svg\" version=\"1.1\" width=\"100%\" height=\"100\" viewBox=\"0 0 100 100\" preserveAspectRatio=\"none\" style=\"padding:0;\" fill=\"rgba(16,6,159,1)\"><path d=\"M100 0 L100 100 L0 0 Z\"><\/path><\/svg><\/div><div class=\"fusion-section-separator-spacer\"><div class=\"fusion-section-separator-spacer-height\" style=\"height:99px;\"><\/div><\/div><style type=\"text\/css\">.fusion-section-separator-1 .fusion-section-separator-svg {margin-left:1.92%;margin-right:1.92%;}@media only screen and (max-width:1024px) {.fusion-section-separator-1 .fusion-section-separator-svg {margin-left:1.92%;margin-right:1.92%;}}@media only screen and (max-width:640px) {.fusion-section-separator-1 .fusion-section-separator-svg {margin-left:1.92%;margin-right:1.92%;}}<\/style><\/div><i class=\"fb-icon-element-1 fb-icon-element fontawesome-icon fa-first-aid fas circle-yes\" style=\"font-size:44px;line-height:86px;height:88px;width:88px;border-width:1px;border-radius:50% 50% 50% 50%;margin: 0px;\"><\/i><style>i.fb-icon-element.fontawesome-icon.fb-icon-element-1{ color: var(--awb-color1); background-color: var(--awb-color5); border-color: var(--awb-color8);}i.fb-icon-element.fontawesome-icon.fb-icon-element-1:hover { color: var(--awb-color1); background-color: var(--awb-color4); border-color: var(--awb-color8);}i.fb-icon-element.fontawesome-icon.fb-icon-element-1{ align-self:center;}<\/style><style type=\"text\/css\">@media only screen and (max-width:1024px) {.fusion-title.fusion-title-1{margin-top:10px!important; margin-right:0px!important;margin-bottom:15px!important;margin-left:0px!important;}}@media only screen and (max-width:640px) {.fusion-title.fusion-title-1{margin-top:10px!important; margin-right:0px!important;margin-bottom:10px!important; margin-left:0px!important;}}<\/style><div class=\"fusion-title title fusion-title-1 fusion-sep-none fusion-title-center fusion-title-text fusion-title-size-two\" style=\"font-size:40px;margin-top:10px;margin-right:0px;margin-bottom:15px;margin-left:0px;\"><h2 class=\"title-heading-center\" style=\"margin:0;font-size:1em;color:var(--awb-color1);\">Formaci\u00f3 en protecci\u00f3 contra incendi<\/h2><\/div><\/div><style type=\"text\/css\">.fusion-body .fusion-builder-column-0{width:100% !important;margin-top : 0px;margin-bottom : 100px;}.fusion-builder-column-0 > .fusion-column-wrapper {padding-top : 0px !important;padding-right : 0px !important;margin-right : 1.92%;padding-bottom : 0px !important;padding-left : 0px !important;margin-left : 1.92%;}@media only screen and (max-width:1024px) {.fusion-body .fusion-builder-column-0{width:100% !important;order : 0;}.fusion-builder-column-0 > .fusion-column-wrapper {margin-right : 1.92%;margin-left : 1.92%;}}@media only screen and (max-width:640px) {.fusion-body .fusion-builder-column-0{width:100% !important;order : 0;}.fusion-builder-column-0 > .fusion-column-wrapper {margin-right : 1.92%;margin-left : 1.92%;}}<\/style><\/div><div class=\"fusion-layout-column fusion_builder_column fusion-builder-column-1 fusion_builder_column_1_1 1_1 fusion-flex-column\"><div class=\"fusion-column-wrapper fusion-flex-justify-content-flex-start fusion-content-layout-column\" style=\"background-position:left top;background-repeat:no-repeat;-webkit-background-size:cover;-moz-background-size:cover;-o-background-size:cover;background-size:cover;padding: 0px 0px 0px 0px;\"><div class=\"fusion-text fusion-text-1\" style=\"color:var(--awb-color1);\"><p>Elaborem cursos adaptats a les necessitats de cada cas:<\/p>\n<\/div><\/div><style type=\"text\/css\">.fusion-body .fusion-builder-column-1{width:100% !important;margin-top : 0px;margin-bottom : 20px;}.fusion-builder-column-1 > .fusion-column-wrapper {padding-top : 0px !important;padding-right : 0px !important;margin-right : 1.92%;padding-bottom : 0px !important;padding-left : 0px !important;margin-left : 1.92%;}@media only screen and (max-width:1024px) {.fusion-body .fusion-builder-column-1{width:100% !important;order : 0;}.fusion-builder-column-1 > .fusion-column-wrapper {margin-right : 1.92%;margin-left : 1.92%;}}@media only screen and (max-width:640px) {.fusion-body .fusion-builder-column-1{width:100% !important;order : 0;}.fusion-builder-column-1 > .fusion-column-wrapper {margin-right : 1.92%;margin-left : 1.92%;}}<\/style><\/div><div class=\"fusion-layout-column fusion_builder_column fusion-builder-column-2 fusion_builder_column_1_2 1_2 fusion-flex-column\"><div class=\"fusion-column-wrapper fusion-flex-justify-content-flex-start fusion-content-layout-column\" style=\"background-position:left top;background-repeat:no-repeat;-webkit-background-size:cover;-moz-background-size:cover;-o-background-size:cover;background-size:cover;padding: 0px 0px 0px 0px;\"><div class=\"fusion-text fusion-text-2\" style=\"color:var(--awb-color1);\"><p><strong>Primers Auxilis<\/strong><\/p>\n<ul>\n<li>Cursos primers auxilis (PAUX)\n<p>Aquest curs est\u00e0 dirigit a tots aquells particulars i\/o empreses que vulguin formar als seus treballadors en primers auxilis i poder aix\u00ed poder fer front a una situaci\u00f3 d&#8217;aquest tipus.<\/p>\n<p>L&#8217;objectiu del curs \u00e9s capacitar als alumnes per a l&#8217;acompliment de funcions de nivell b\u00e0sic en mat\u00e8ria de primers auxilis i aix\u00ed poder donar resposta en una situaci\u00f3 d&#8217;emerg\u00e8ncia sanit\u00e0ria.<\/p>\n<\/li>\n<li>Cursos DEA i SVB\n<p>L&#8217;objectiu del curs \u00e9s instruir a l&#8217;alumne com a primer intervinent en la cadena de superviv\u00e8ncia i formar en reanimaci\u00f3 cardiopulmonar (RCP) per a aconseguir una aplicaci\u00f3 preco\u00e7 de la desfibril\u00b7laci\u00f3 autom\u00e0tica. Tamb\u00e9 es complementar\u00e0 el curs amb la formaci\u00f3 en l&#8217;\u00fas del Suport Vital B\u00e0sic (SVB), per a poder realitzar una primera atenci\u00f3 fins a l&#8217;arribada dels equips d&#8217;emerg\u00e8ncia.<\/p>\n<p>Con\u00e8ixer el maneig d&#8217;un desfibril\u00b7lador (DEA) de manera segura i amb rapidesa<\/p>\n<\/li>\n<\/ul>\n<\/div><\/div><style type=\"text\/css\">.fusion-body .fusion-builder-column-2{width:50% !important;margin-top : 0px;margin-bottom : 51px;}.fusion-builder-column-2 > .fusion-column-wrapper {padding-top : 0px !important;padding-right : 0px !important;margin-right : 3.84%;padding-bottom : 0px !important;padding-left : 0px !important;margin-left : 3.84%;}@media only screen and (max-width:1024px) {.fusion-body .fusion-builder-column-2{width:50% !important;order : 0;}.fusion-builder-column-2 > .fusion-column-wrapper {margin-right : 3.84%;margin-left : 3.84%;}}@media only screen and (max-width:640px) {.fusion-body .fusion-builder-column-2{width:100% !important;order : 0;}.fusion-builder-column-2 > .fusion-column-wrapper {margin-right : 1.92%;margin-left : 1.92%;}}<\/style><\/div><div class=\"fusion-layout-column fusion_builder_column fusion-builder-column-3 fusion_builder_column_1_2 1_2 fusion-flex-column\"><div class=\"fusion-column-wrapper fusion-flex-justify-content-flex-start fusion-content-layout-column\" style=\"background-position:left top;background-repeat:no-repeat;-webkit-background-size:cover;-moz-background-size:cover;-o-background-size:cover;background-size:cover;padding: 0px 0px 0px 0px;\"><div style=\"text-align:center;\"><style>.fusion-imageframe.imageframe-1 img{aspect-ratio:5 \/ 4;object-position:51% 0%;}<\/style><span class=\" fusion-imageframe imageframe-none imageframe-1 hover-type-none has-aspect-ratio\"><img decoding=\"async\" width=\"300\" height=\"196\" title=\"undraw_educator_re_ju47\" src=\"https:\/\/visufoc.com\/wp-content\/uploads\/2023\/01\/undraw_educator_re_ju47.svg\" class=\"img-responsive wp-image-4506 img-with-aspect-ratio\" alt \/><\/span><\/div><\/div><style type=\"text\/css\">.fusion-body .fusion-builder-column-3{width:50% !important;margin-top : 0px;margin-bottom : 55px;}.fusion-builder-column-3 > .fusion-column-wrapper {padding-top : 0px !important;padding-right : 0px !important;margin-right : 3.84%;padding-bottom : 0px !important;padding-left : 0px !important;margin-left : 3.84%;}@media only screen and (max-width:1024px) {.fusion-body .fusion-builder-column-3{width:50% !important;order : 0;}.fusion-builder-column-3 > .fusion-column-wrapper {margin-right : 3.84%;margin-left : 3.84%;}}@media only screen and (max-width:640px) {.fusion-body .fusion-builder-column-3{width:100% !important;order : 0;}.fusion-builder-column-3 > .fusion-column-wrapper {margin-right : 1.92%;margin-left : 1.92%;}}<\/style><\/div><div class=\"fusion-layout-column fusion_builder_column fusion-builder-column-4 fusion_builder_column_1_1 1_1 fusion-flex-column\"><div class=\"fusion-column-wrapper fusion-flex-justify-content-flex-start fusion-content-layout-column\" style=\"background-position:left top;background-repeat:no-repeat;-webkit-background-size:cover;-moz-background-size:cover;-o-background-size:cover;background-size:cover;padding: 0px 0px 0px 0px;\"><div class=\"fusion-text fusion-text-3\" style=\"color:var(--awb-color1);\"><p><strong>Emerg\u00e8ncies<\/strong><\/p>\n<ul>\n<li>Cursos pla d&#8217;emerg\u00e8ncia i evacuaci\u00f3<br \/>L&#8217;objectiu del curs est\u00e0 destinat a aprendre a usar els equips de protecci\u00f3 necessaris, a avaluar riscos, a actuar davant un incendi o menja gestionar una evacuaci\u00f3<\/li>\n<\/ul>\n<p><strong>Extinci\u00f3 d&#8217;incendis<\/strong><\/p>\n<ul>\n<li>Curs sobre sistemes manuals d&#8217;extinci\u00f3 d&#8217;incendis<br \/>Formaci\u00f3 teoricopr\u00e0ctica en mat\u00e8ria de prevenci\u00f3 en cas d&#8217;un foc real, en la primera fase, utilitzant extintors de pols i CO\u2082. El curs t\u00e9 com a objectiu donar formaci\u00f3 als treballadors i a les empreses, perqu\u00e8 en una situaci\u00f3 d&#8217;emerg\u00e8ncia coneguin els elements b\u00e0sics del foc i com actuar segons el cas i l&#8217;equip disponible.<\/li>\n<\/ul>\n<\/div><\/div><style type=\"text\/css\">.fusion-body .fusion-builder-column-4{width:100% !important;margin-top : 0px;margin-bottom : 92px;}.fusion-builder-column-4 > .fusion-column-wrapper {padding-top : 0px !important;padding-right : 0px !important;margin-right : 1.92%;padding-bottom : 0px !important;padding-left : 0px !important;margin-left : 1.92%;}@media only screen and (max-width:1024px) {.fusion-body .fusion-builder-column-4{width:100% !important;order : 0;}.fusion-builder-column-4 > .fusion-column-wrapper {margin-right : 1.92%;margin-left : 1.92%;}}@media only screen and (max-width:640px) {.fusion-body .fusion-builder-column-4{width:100% !important;order : 0;}.fusion-builder-column-4 > .fusion-column-wrapper {margin-right : 1.92%;margin-left : 1.92%;}}<\/style><\/div><\/div><style type=\"text\/css\">.fusion-body .fusion-flex-container.fusion-builder-row-1{ padding-top : 0px;margin-top : -60px;padding-right : 0px;padding-bottom : 0px;margin-bottom : -60px;padding-left : 0px;}<\/style><\/div>\n","protected":false},"excerpt":{"rendered":"","protected":false},"author":2,"featured_media":0,"parent":4523,"menu_order":0,"comment_status":"closed","ping_status":"closed","template":"100-width.php","meta":{"inline_featured_image":false,"footnotes":""},"class_list":["post-4616","page","type-page","status-publish","hentry"],"yoast_head":"<!-- This site is optimized with the Yoast SEO plugin v27.3 - https:\/\/yoast.com\/product\/yoast-seo-wordpress\/ -->\n<title>Formaci\u00f3 en protecci\u00f3 contra incendi - Visufoc<\/title>\n<meta name=\"robots\" content=\"index, follow, max-snippet:-1, max-image-preview:large, max-video-preview:-1\" \/>\n<link rel=\"canonical\" href=\"https:\/\/visufoc.com\/ca\/els-nostres-serveis\/formacio-en-proteccio-contra-incendi\/\" \/>\n<meta property=\"og:locale\" content=\"ca_ES\" \/>\n<meta property=\"og:type\" content=\"article\" \/>\n<meta property=\"og:title\" content=\"Formaci\u00f3 en protecci\u00f3 contra incendi - Visufoc\" \/>\n<meta property=\"og:url\" content=\"https:\/\/visufoc.com\/ca\/els-nostres-serveis\/formacio-en-proteccio-contra-incendi\/\" \/>\n<meta property=\"og:site_name\" content=\"Visufoc\" \/>\n<meta property=\"article:modified_time\" content=\"2023-02-02T15:41:24+00:00\" \/>\n<meta name=\"twitter:card\" content=\"summary_large_image\" \/>\n<meta name=\"twitter:label1\" content=\"Temps estimat de lectura\" \/>\n\t<meta name=\"twitter:data1\" content=\"10 minuts\" \/>\n<script type=\"application\/ld+json\" class=\"yoast-schema-graph\">{\"@context\":\"https:\\\/\\\/schema.org\",\"@graph\":[{\"@type\":\"WebPage\",\"@id\":\"https:\\\/\\\/visufoc.com\\\/ca\\\/els-nostres-serveis\\\/formacio-en-proteccio-contra-incendi\\\/\",\"url\":\"https:\\\/\\\/visufoc.com\\\/ca\\\/els-nostres-serveis\\\/formacio-en-proteccio-contra-incendi\\\/\",\"name\":\"Formaci\u00f3 en protecci\u00f3 contra incendi - Visufoc\",\"isPartOf\":{\"@id\":\"https:\\\/\\\/visufoc.com\\\/ca\\\/#website\"},\"datePublished\":\"2023-01-25T10:02:41+00:00\",\"dateModified\":\"2023-02-02T15:41:24+00:00\",\"breadcrumb\":{\"@id\":\"https:\\\/\\\/visufoc.com\\\/ca\\\/els-nostres-serveis\\\/formacio-en-proteccio-contra-incendi\\\/#breadcrumb\"},\"inLanguage\":\"ca\",\"potentialAction\":[{\"@type\":\"ReadAction\",\"target\":[\"https:\\\/\\\/visufoc.com\\\/ca\\\/els-nostres-serveis\\\/formacio-en-proteccio-contra-incendi\\\/\"]}]},{\"@type\":\"BreadcrumbList\",\"@id\":\"https:\\\/\\\/visufoc.com\\\/ca\\\/els-nostres-serveis\\\/formacio-en-proteccio-contra-incendi\\\/#breadcrumb\",\"itemListElement\":[{\"@type\":\"ListItem\",\"position\":1,\"name\":\"Portada\",\"item\":\"https:\\\/\\\/visufoc.com\\\/ca\\\/\"},{\"@type\":\"ListItem\",\"position\":2,\"name\":\"Els nostres serveis\",\"item\":\"https:\\\/\\\/visufoc.com\\\/ca\\\/els-nostres-serveis\\\/\"},{\"@type\":\"ListItem\",\"position\":3,\"name\":\"Formaci\u00f3 en protecci\u00f3 contra incendi\"}]},{\"@type\":\"WebSite\",\"@id\":\"https:\\\/\\\/visufoc.com\\\/ca\\\/#website\",\"url\":\"https:\\\/\\\/visufoc.com\\\/ca\\\/\",\"name\":\"Visufoc\",\"description\":\"Sistemas Contra Incendios\",\"potentialAction\":[{\"@type\":\"SearchAction\",\"target\":{\"@type\":\"EntryPoint\",\"urlTemplate\":\"https:\\\/\\\/visufoc.com\\\/ca\\\/?s={search_term_string}\"},\"query-input\":{\"@type\":\"PropertyValueSpecification\",\"valueRequired\":true,\"valueName\":\"search_term_string\"}}],\"inLanguage\":\"ca\"}]}<\/script>\n<!-- \/ Yoast SEO plugin. -->","yoast_head_json":{"title":"Formaci\u00f3 en protecci\u00f3 contra incendi - Visufoc","robots":{"index":"index","follow":"follow","max-snippet":"max-snippet:-1","max-image-preview":"max-image-preview:large","max-video-preview":"max-video-preview:-1"},"canonical":"https:\/\/visufoc.com\/ca\/els-nostres-serveis\/formacio-en-proteccio-contra-incendi\/","og_locale":"ca_ES","og_type":"article","og_title":"Formaci\u00f3 en protecci\u00f3 contra incendi - Visufoc","og_url":"https:\/\/visufoc.com\/ca\/els-nostres-serveis\/formacio-en-proteccio-contra-incendi\/","og_site_name":"Visufoc","article_modified_time":"2023-02-02T15:41:24+00:00","twitter_card":"summary_large_image","twitter_misc":{"Temps estimat de lectura":"10 minuts"},"schema":{"@context":"https:\/\/schema.org","@graph":[{"@type":"WebPage","@id":"https:\/\/visufoc.com\/ca\/els-nostres-serveis\/formacio-en-proteccio-contra-incendi\/","url":"https:\/\/visufoc.com\/ca\/els-nostres-serveis\/formacio-en-proteccio-contra-incendi\/","name":"Formaci\u00f3 en protecci\u00f3 contra incendi - Visufoc","isPartOf":{"@id":"https:\/\/visufoc.com\/ca\/#website"},"datePublished":"2023-01-25T10:02:41+00:00","dateModified":"2023-02-02T15:41:24+00:00","breadcrumb":{"@id":"https:\/\/visufoc.com\/ca\/els-nostres-serveis\/formacio-en-proteccio-contra-incendi\/#breadcrumb"},"inLanguage":"ca","potentialAction":[{"@type":"ReadAction","target":["https:\/\/visufoc.com\/ca\/els-nostres-serveis\/formacio-en-proteccio-contra-incendi\/"]}]},{"@type":"BreadcrumbList","@id":"https:\/\/visufoc.com\/ca\/els-nostres-serveis\/formacio-en-proteccio-contra-incendi\/#breadcrumb","itemListElement":[{"@type":"ListItem","position":1,"name":"Portada","item":"https:\/\/visufoc.com\/ca\/"},{"@type":"ListItem","position":2,"name":"Els nostres serveis","item":"https:\/\/visufoc.com\/ca\/els-nostres-serveis\/"},{"@type":"ListItem","position":3,"name":"Formaci\u00f3 en protecci\u00f3 contra incendi"}]},{"@type":"WebSite","@id":"https:\/\/visufoc.com\/ca\/#website","url":"https:\/\/visufoc.com\/ca\/","name":"Visufoc","description":"Sistemas Contra Incendios","potentialAction":[{"@type":"SearchAction","target":{"@type":"EntryPoint","urlTemplate":"https:\/\/visufoc.com\/ca\/?s={search_term_string}"},"query-input":{"@type":"PropertyValueSpecification","valueRequired":true,"valueName":"search_term_string"}}],"inLanguage":"ca"}]}},"_links":{"self":[{"href":"https:\/\/visufoc.com\/ca\/wp-json\/wp\/v2\/pages\/4616","targetHints":{"allow":["GET"]}}],"collection":[{"href":"https:\/\/visufoc.com\/ca\/wp-json\/wp\/v2\/pages"}],"about":[{"href":"https:\/\/visufoc.com\/ca\/wp-json\/wp\/v2\/types\/page"}],"author":[{"embeddable":true,"href":"https:\/\/visufoc.com\/ca\/wp-json\/wp\/v2\/users\/2"}],"replies":[{"embeddable":true,"href":"https:\/\/visufoc.com\/ca\/wp-json\/wp\/v2\/comments?post=4616"}],"version-history":[{"count":2,"href":"https:\/\/visufoc.com\/ca\/wp-json\/wp\/v2\/pages\/4616\/revisions"}],"predecessor-version":[{"id":4692,"href":"https:\/\/visufoc.com\/ca\/wp-json\/wp\/v2\/pages\/4616\/revisions\/4692"}],"up":[{"embeddable":true,"href":"https:\/\/visufoc.com\/ca\/wp-json\/wp\/v2\/pages\/4523"}],"wp:attachment":[{"href":"https:\/\/visufoc.com\/ca\/wp-json\/wp\/v2\/media?parent=4616"}],"curies":[{"name":"wp","href":"https:\/\/api.w.org\/{rel}","templated":true}]}}